{"id":2605,"date":"2015-01-24T16:17:19","date_gmt":"2015-01-24T15:17:19","guid":{"rendered":"https:\/\/udoschoebel.de\/kurt-kroemer\/"},"modified":"2023-06-04T17:13:27","modified_gmt":"2023-06-04T16:13:27","slug":"kurt-kroemer","status":"publish","type":"page","link":"https:\/\/udoschoebel.de\/en\/home\/kurt-kroemer\/","title":{"rendered":"Kurt Kr\u00f6mer"},"content":{"rendered":"<p><img decoding=\"async\" loading=\"lazy\" class=\"alignleft size-full wp-image-33\" src=\"http:\/\/udoschoebel.de\/wp-content\/uploads\/die_Kurt_Kroemer_Show_on-grey.jpg\" alt=\"die_Kurt_Kroemer_Show\" width=\"126\" height=\"120\"\/><\/p>\n<p><strong>2003-2006 the Kurt Kr\u00f6mer Show (TV Show) <\/strong><\/p>\n<p><strong>KURT KR\u00d6MERS <\/strong>entry into the world of television with<strong> miniBEATclub <\/strong>as<strong> <\/strong>show band and cartoon trailer by <strong>Udo Sch\u00f6bel<\/strong>.<\/p>\n<p>DVD of the same name achieves gold status.<\/p>\n<p><img decoding=\"async\" loading=\"lazy\" class=\"alignnone wp-image-2071 size-medium\" src=\"http:\/\/udoschoebel.de\/wp-content\/uploads\/Kurt-Kr%C3%B6mer-Gold-260x300.jpg\" alt=\"\" width=\"260\" height=\"300\"\/><\/p>\n\n<p><strong>KURT KR\u00d6MER<\/strong> with<strong>NORA TSCHIRNER<\/strong> (at 14:31 ) and <strong>GUNTER GABRIEL<\/strong> ( at 22:12 )<\/p>\n<p><iframe loading=\"lazy\" src=\"\/\/www.dailymotion.com\/embed\/video\/x34027e\" width=\"480\" height=\"270\" frameborder=\"0\" allowfullscreen=\"allowfullscreen\"><\/iframe><\/p>\n<p><strong>KURT KR\u00d6MER <\/strong>with<strong> ALEXANDRA NELDEL <\/strong>April 2005<\/p>\n<p><iframe loading=\"lazy\" src=\"\/\/www.youtube.com\/embed\/bagMaP6spI4\" width=\"420\" height=\"315\" frameborder=\"0\" allowfullscreen=\"allowfullscreen\"><\/iframe><\/p>\n\n<figure class=\"wp-block-gallery columns-0 is-cropped wp-block-gallery-1 is-layout-flex\"><ul class=\"blocks-gallery-grid\"><\/ul><\/figure>","protected":false},"excerpt":{"rendered":"<p>2003-2006 the Kurt Kr\u00f6mer Show (TV Show) KURT KR\u00d6MERS entry into the world of television with miniBEATclub as show band and cartoon trailer by Udo Sch\u00f6bel. DVD of the same name achieves gold status. KURT KR\u00d6MER withNORA TSCHIRNER (at 14:31 ) and GUNTER GABRIEL ( at 22:12 ) KURT KR\u00d6MER with ALEXANDRA NELDEL April 2005<\/p>\n","protected":false},"author":1,"featured_media":0,"parent":2631,"menu_order":12,"comment_status":"closed","ping_status":"closed","template":"page-fullwidth.php","meta":[],"yoast_head":"<!-- This site is optimized with the Yoast SEO plugin v20.8 - https:\/\/yoast.com\/wordpress\/plugins\/seo\/ -->\n<title>Kurt Kr\u00f6mer | udoschoebel<\/title>\n<meta name=\"robots\" content=\"index, follow, max-snippet:-1, max-image-preview:large, max-video-preview:-1\" \/>\n<link rel=\"canonical\" href=\"https:\/\/udoschoebel.de\/en\/home\/kurt-kroemer\/\" \/>\n<meta property=\"og:locale\" content=\"en_US\" \/>\n<meta property=\"og:type\" content=\"article\" \/>\n<meta property=\"og:title\" content=\"Kurt Kr\u00f6mer | udoschoebel\" \/>\n<meta property=\"og:description\" content=\"2003-2006 the Kurt Kr\u00f6mer Show (TV Show) KURT KR\u00d6MERS entry into the world of television with miniBEATclub as show band and cartoon trailer by Udo Sch\u00f6bel. DVD of the same name achieves gold status. KURT KR\u00d6MER withNORA TSCHIRNER (at 14:31 ) and GUNTER GABRIEL ( at 22:12 ) KURT KR\u00d6MER with ALEXANDRA NELDEL April 2005\" \/>\n<meta property=\"og:url\" content=\"https:\/\/udoschoebel.de\/en\/home\/kurt-kroemer\/\" \/>\n<meta property=\"og:site_name\" content=\"udoschoebel\" \/>\n<meta property=\"article:modified_time\" content=\"2023-06-04T16:13:27+00:00\" \/>\n<meta property=\"og:image\" content=\"http:\/\/udoschoebel.de\/wp-content\/uploads\/die_Kurt_Kroemer_Show_on-grey.jpg\" \/>\n<script type=\"application\/ld+json\" class=\"yoast-schema-graph\">{\"@context\":\"https:\/\/schema.org\",\"@graph\":[{\"@type\":\"WebPage\",\"@id\":\"https:\/\/udoschoebel.de\/en\/home\/kurt-kroemer\/\",\"url\":\"https:\/\/udoschoebel.de\/en\/home\/kurt-kroemer\/\",\"name\":\"Kurt Kr\u00f6mer | udoschoebel\",\"isPartOf\":{\"@id\":\"https:\/\/udoschoebel.de\/en\/#website\"},\"datePublished\":\"2015-01-24T15:17:19+00:00\",\"dateModified\":\"2023-06-04T16:13:27+00:00\",\"breadcrumb\":{\"@id\":\"https:\/\/udoschoebel.de\/en\/home\/kurt-kroemer\/#breadcrumb\"},\"inLanguage\":\"en-US\",\"potentialAction\":[{\"@type\":\"ReadAction\",\"target\":[\"https:\/\/udoschoebel.de\/en\/home\/kurt-kroemer\/\"]}]},{\"@type\":\"BreadcrumbList\",\"@id\":\"https:\/\/udoschoebel.de\/en\/home\/kurt-kroemer\/#breadcrumb\",\"itemListElement\":[{\"@type\":\"ListItem\",\"position\":1,\"name\":\"Home\",\"item\":\"https:\/\/udoschoebel.de\/en\/\"},{\"@type\":\"ListItem\",\"position\":2,\"name\":\"Kurt Kr\u00f6mer\"}]},{\"@type\":\"WebSite\",\"@id\":\"https:\/\/udoschoebel.de\/en\/#website\",\"url\":\"https:\/\/udoschoebel.de\/en\/\",\"name\":\"udoschoebel\",\"description\":\"Musiker, Singer, Songwriter, Produzent und Cartoonartist\",\"potentialAction\":[{\"@type\":\"SearchAction\",\"target\":{\"@type\":\"EntryPoint\",\"urlTemplate\":\"https:\/\/udoschoebel.de\/en\/?s={search_term_string}\"},\"query-input\":\"required name=search_term_string\"}],\"inLanguage\":\"en-US\"}]}<\/script>\n<!-- \/ Yoast SEO plugin. -->","yoast_head_json":{"title":"Kurt Kr\u00f6mer | udoschoebel","robots":{"index":"index","follow":"follow","max-snippet":"max-snippet:-1","max-image-preview":"max-image-preview:large","max-video-preview":"max-video-preview:-1"},"canonical":"https:\/\/udoschoebel.de\/en\/home\/kurt-kroemer\/","og_locale":"en_US","og_type":"article","og_title":"Kurt Kr\u00f6mer | udoschoebel","og_description":"2003-2006 the Kurt Kr\u00f6mer Show (TV Show) KURT KR\u00d6MERS entry into the world of television with miniBEATclub as show band and cartoon trailer by Udo Sch\u00f6bel. DVD of the same name achieves gold status. KURT KR\u00d6MER withNORA TSCHIRNER (at 14:31 ) and GUNTER GABRIEL ( at 22:12 ) KURT KR\u00d6MER with ALEXANDRA NELDEL April 2005","og_url":"https:\/\/udoschoebel.de\/en\/home\/kurt-kroemer\/","og_site_name":"udoschoebel","article_modified_time":"2023-06-04T16:13:27+00:00","og_image":[{"url":"http:\/\/udoschoebel.de\/wp-content\/uploads\/die_Kurt_Kroemer_Show_on-grey.jpg"}],"schema":{"@context":"https:\/\/schema.org","@graph":[{"@type":"WebPage","@id":"https:\/\/udoschoebel.de\/en\/home\/kurt-kroemer\/","url":"https:\/\/udoschoebel.de\/en\/home\/kurt-kroemer\/","name":"Kurt Kr\u00f6mer | udoschoebel","isPartOf":{"@id":"https:\/\/udoschoebel.de\/en\/#website"},"datePublished":"2015-01-24T15:17:19+00:00","dateModified":"2023-06-04T16:13:27+00:00","breadcrumb":{"@id":"https:\/\/udoschoebel.de\/en\/home\/kurt-kroemer\/#breadcrumb"},"inLanguage":"en-US","potentialAction":[{"@type":"ReadAction","target":["https:\/\/udoschoebel.de\/en\/home\/kurt-kroemer\/"]}]},{"@type":"BreadcrumbList","@id":"https:\/\/udoschoebel.de\/en\/home\/kurt-kroemer\/#breadcrumb","itemListElement":[{"@type":"ListItem","position":1,"name":"Home","item":"https:\/\/udoschoebel.de\/en\/"},{"@type":"ListItem","position":2,"name":"Kurt Kr\u00f6mer"}]},{"@type":"WebSite","@id":"https:\/\/udoschoebel.de\/en\/#website","url":"https:\/\/udoschoebel.de\/en\/","name":"udoschoebel","description":"Musiker, Singer, Songwriter, Produzent und Cartoonartist","potentialAction":[{"@type":"SearchAction","target":{"@type":"EntryPoint","urlTemplate":"https:\/\/udoschoebel.de\/en\/?s={search_term_string}"},"query-input":"required name=search_term_string"}],"inLanguage":"en-US"}]}},"_links":{"self":[{"href":"https:\/\/udoschoebel.de\/en\/wp-json\/wp\/v2\/pages\/2605"}],"collection":[{"href":"https:\/\/udoschoebel.de\/en\/wp-json\/wp\/v2\/pages"}],"about":[{"href":"https:\/\/udoschoebel.de\/en\/wp-json\/wp\/v2\/types\/page"}],"author":[{"embeddable":true,"href":"https:\/\/udoschoebel.de\/en\/wp-json\/wp\/v2\/users\/1"}],"replies":[{"embeddable":true,"href":"https:\/\/udoschoebel.de\/en\/wp-json\/wp\/v2\/comments?post=2605"}],"version-history":[{"count":1,"href":"https:\/\/udoschoebel.de\/en\/wp-json\/wp\/v2\/pages\/2605\/revisions"}],"predecessor-version":[{"id":2607,"href":"https:\/\/udoschoebel.de\/en\/wp-json\/wp\/v2\/pages\/2605\/revisions\/2607"}],"up":[{"embeddable":true,"href":"https:\/\/udoschoebel.de\/en\/wp-json\/wp\/v2\/pages\/2631"}],"wp:attachment":[{"href":"https:\/\/udoschoebel.de\/en\/wp-json\/wp\/v2\/media?parent=2605"}],"curies":[{"name":"wp","href":"https:\/\/api.w.org\/{rel}","templated":true}]}}