{"id":2589,"date":"2015-01-24T16:14:52","date_gmt":"2015-01-24T15:14:52","guid":{"rendered":"https:\/\/udoschoebel.de\/wiege-des-guten-geschmacks\/"},"modified":"2025-08-05T21:55:17","modified_gmt":"2025-08-05T20:55:17","slug":"wiege-des-guten-geschmacks","status":"publish","type":"page","link":"https:\/\/udoschoebel.de\/en\/home\/wiege-des-guten-geschmacks\/","title":{"rendered":"Wiege des guten Geschmacks"},"content":{"rendered":"<p><img decoding=\"async\" loading=\"lazy\" class=\"alignnone size-full wp-image-42\" src=\"https:\/\/udoschoebel.de\/wp-content\/uploads\/img_die_wiege_des_guten_geschmacks.jpg\" alt=\"die_wiege_des_guten_geschmacks\" width=\"460\" height=\"170\" srcset=\"https:\/\/udoschoebel.de\/wp-content\/uploads\/img_die_wiege_des_guten_geschmacks.jpg 460w, https:\/\/udoschoebel.de\/wp-content\/uploads\/img_die_wiege_des_guten_geschmacks-300x111.jpg 300w\" sizes=\"(max-width: 460px) 100vw, 460px\" \/><\/p>\n<p><strong>WIEGE DES GUTEN GESCHMACKS<\/strong> &#8211; Project Space &amp; Gallery<\/p>\n<p>Eylauerstra\u00dfe 24 in Berlin &#8211; Kreuzberg, Germany<\/p>\n<p>Appointment by agreement. t: +49 30 78095010<\/p>\n<p>Digital Flyer for <strong>UDO SCH\u00d6BEL<\/strong>: WER BIN ICH (Who am I ?) -Portraits<\/p>\n<p><iframe loading=\"lazy\" src=\"\/\/www.youtube.com\/embed\/xZFJAU5_KWk\" width=\"420\" height=\"315\" frameborder=\"0\" allowfullscreen=\"allowfullscreen\" data-mce-fragment=\"1\"><\/iframe><\/p>\n<p><strong>EXHIBITION FREIRAUM March 17 &#8211; April 27 at Caf\u00e9 FREIRAUM \/ BERLIN<\/strong><\/p>\n<p><img decoding=\"async\" loading=\"lazy\" class=\"alignnone size-full wp-image-2316\" src=\"http:\/\/udoschoebel.de\/wp-content\/uploads\/FREIRAUM-AUSSTELLUNG-BILDER-scaled.jpg\" alt=\"\" width=\"2560\" height=\"1786\" srcset=\"https:\/\/udoschoebel.de\/wp-content\/uploads\/FREIRAUM-AUSSTELLUNG-BILDER-scaled.jpg 2560w, https:\/\/udoschoebel.de\/wp-content\/uploads\/FREIRAUM-AUSSTELLUNG-BILDER-300x209.jpg 300w, https:\/\/udoschoebel.de\/wp-content\/uploads\/FREIRAUM-AUSSTELLUNG-BILDER-1024x714.jpg 1024w, https:\/\/udoschoebel.de\/wp-content\/uploads\/FREIRAUM-AUSSTELLUNG-BILDER-768x536.jpg 768w, https:\/\/udoschoebel.de\/wp-content\/uploads\/FREIRAUM-AUSSTELLUNG-BILDER-1536x1072.jpg 1536w, https:\/\/udoschoebel.de\/wp-content\/uploads\/FREIRAUM-AUSSTELLUNG-BILDER-2048x1429.jpg 2048w\" sizes=\"(max-width: 2560px) 100vw, 2560px\" \/><\/p>\n<p><strong>March 17 \u00a0miniBEATclub LIVE with JOHANNA MEINIKAT &amp; PETER WEHRMANN<\/strong><\/p>\n<p><img decoding=\"async\" loading=\"lazy\" class=\"alignnone wp-image-2307 size-large\" src=\"http:\/\/udoschoebel.de\/wp-content\/uploads\/FacebOOK-02-mini-1024x656.jpg\" alt=\"\" width=\"648\" height=\"415\" srcset=\"https:\/\/udoschoebel.de\/wp-content\/uploads\/FacebOOK-02-mini-1024x656.jpg 1024w, https:\/\/udoschoebel.de\/wp-content\/uploads\/FacebOOK-02-mini-300x192.jpg 300w, https:\/\/udoschoebel.de\/wp-content\/uploads\/FacebOOK-02-mini-768x492.jpg 768w, https:\/\/udoschoebel.de\/wp-content\/uploads\/FacebOOK-02-mini-1536x983.jpg 1536w, https:\/\/udoschoebel.de\/wp-content\/uploads\/FacebOOK-02-mini-2048x1311.jpg 2048w\" sizes=\"(max-width: 648px) 100vw, 648px\" \/><\/p>\n<p><a href=\"https:\/\/galerie-alte-bahnmeisterei.de\/austellungen\/\" target=\"_blank\" rel=\"noopener noreferrer\">Exhibition: POP from August 28 to October 5, 2021 in Wittlich Gallery Alte Bahnmeisterei<\/a><\/p>\n<p><img decoding=\"async\" loading=\"lazy\" class=\"alignnone wp-image-1885\" src=\"http:\/\/udoschoebel.de\/wp-content\/uploads\/POP_POSTKARTE-VORDERSEITE-scaled.jpg\" alt=\"\" width=\"583\" height=\"338\" srcset=\"https:\/\/udoschoebel.de\/wp-content\/uploads\/POP_POSTKARTE-VORDERSEITE-scaled.jpg 2560w, https:\/\/udoschoebel.de\/wp-content\/uploads\/POP_POSTKARTE-VORDERSEITE-300x174.jpg 300w, https:\/\/udoschoebel.de\/wp-content\/uploads\/POP_POSTKARTE-VORDERSEITE-1024x595.jpg 1024w, https:\/\/udoschoebel.de\/wp-content\/uploads\/POP_POSTKARTE-VORDERSEITE-768x446.jpg 768w, https:\/\/udoschoebel.de\/wp-content\/uploads\/POP_POSTKARTE-VORDERSEITE-1536x892.jpg 1536w, https:\/\/udoschoebel.de\/wp-content\/uploads\/POP_POSTKARTE-VORDERSEITE-2048x1189.jpg 2048w\" sizes=\"(max-width: 583px) 100vw, 583px\" \/><\/p>\n<p><img decoding=\"async\" loading=\"lazy\" class=\"alignnone size-full wp-image-1887\" src=\"https:\/\/udoschoebel.de\/wp-content\/uploads\/POSTKARTE-VORDERSEITE-BILLIE-BEYONCE.jpg\" alt=\"\" width=\"1722\" height=\"1000\" srcset=\"https:\/\/udoschoebel.de\/wp-content\/uploads\/POSTKARTE-VORDERSEITE-BILLIE-BEYONCE.jpg 1722w, https:\/\/udoschoebel.de\/wp-content\/uploads\/POSTKARTE-VORDERSEITE-BILLIE-BEYONCE-300x174.jpg 300w, https:\/\/udoschoebel.de\/wp-content\/uploads\/POSTKARTE-VORDERSEITE-BILLIE-BEYONCE-1024x595.jpg 1024w, https:\/\/udoschoebel.de\/wp-content\/uploads\/POSTKARTE-VORDERSEITE-BILLIE-BEYONCE-768x446.jpg 768w, https:\/\/udoschoebel.de\/wp-content\/uploads\/POSTKARTE-VORDERSEITE-BILLIE-BEYONCE-1536x892.jpg 1536w\" sizes=\"(max-width: 1722px) 100vw, 1722px\" \/><\/p>\n<p><strong>Vernissage of the exhibition POP with Thomas D and R\u00dcCKENWIND LIVE<\/strong><\/p>\n<p><img decoding=\"async\" loading=\"lazy\" class=\"alignnone size-full wp-image-2331\" src=\"https:\/\/udoschoebel.de\/wp-content\/uploads\/TD_WITTLICH-2021.jpg\" alt=\"\" width=\"1094\" height=\"1253\" srcset=\"https:\/\/udoschoebel.de\/wp-content\/uploads\/TD_WITTLICH-2021.jpg 1094w, https:\/\/udoschoebel.de\/wp-content\/uploads\/TD_WITTLICH-2021-262x300.jpg 262w, https:\/\/udoschoebel.de\/wp-content\/uploads\/TD_WITTLICH-2021-894x1024.jpg 894w, https:\/\/udoschoebel.de\/wp-content\/uploads\/TD_WITTLICH-2021-768x880.jpg 768w\" sizes=\"(max-width: 1094px) 100vw, 1094px\" \/><\/p>\n<p>Previous exhibitions of other artists in the WIEGE DES GUTEN GESCHMACKS:<\/p>\n<p><strong>MYRAAA! : <\/strong>ORANJE BERLIN<\/p>\n<p><a href=\"http:\/\/udoschoebel.de\/wp-content\/uploads\/myraExhibition.jpg\"><img decoding=\"async\" loading=\"lazy\" class=\"alignnone wp-image-197 size-large\" src=\"http:\/\/udoschoebel.de\/wp-content\/uploads\/myraExhibition-1024x404.jpg\" alt=\"myraExhibition\" width=\"648\" height=\"256\" srcset=\"https:\/\/udoschoebel.de\/wp-content\/uploads\/myraExhibition-1024x404.jpg 1024w, https:\/\/udoschoebel.de\/wp-content\/uploads\/myraExhibition-300x118.jpg 300w, https:\/\/udoschoebel.de\/wp-content\/uploads\/myraExhibition.jpg 1327w\" sizes=\"(max-width: 648px) 100vw, 648px\" \/><\/a><\/p>\n<p><strong>MARCEL :<\/strong> images froiss\u00e9es<\/p>\n<p><strong><a href=\"http:\/\/udoschoebel.de\/wp-content\/uploads\/marcelExhibition.jpg\"><img decoding=\"async\" loading=\"lazy\" class=\"alignnone wp-image-191 size-large\" src=\"http:\/\/udoschoebel.de\/wp-content\/uploads\/marcelExhibition-1024x404.jpg\" alt=\"marcelExhibition\" width=\"648\" height=\"256\" srcset=\"https:\/\/udoschoebel.de\/wp-content\/uploads\/marcelExhibition-1024x404.jpg 1024w, https:\/\/udoschoebel.de\/wp-content\/uploads\/marcelExhibition-300x118.jpg 300w, https:\/\/udoschoebel.de\/wp-content\/uploads\/marcelExhibition.jpg 1327w\" sizes=\"(max-width: 648px) 100vw, 648px\" \/><\/a><\/strong><\/p>\n<p><strong>ANGELIKA GROSSMANN : <\/strong>don\u00b4t give up!<\/p>\n<p><a href=\"https:\/\/udoschoebel.de\/wp-content\/uploads\/25-10-GROSSMANNwiege.jpg\"><img decoding=\"async\" loading=\"lazy\" class=\"alignnone wp-image-173 \" src=\"https:\/\/udoschoebel.de\/wp-content\/uploads\/25-10-GROSSMANNwiege.jpg\" alt=\"25-10-GROSSMANNwiege\" width=\"652\" height=\"325\" srcset=\"https:\/\/udoschoebel.de\/wp-content\/uploads\/25-10-GROSSMANNwiege.jpg 669w, https:\/\/udoschoebel.de\/wp-content\/uploads\/25-10-GROSSMANNwiege-300x149.jpg 300w\" sizes=\"(max-width: 652px) 100vw, 652px\" \/><\/a><\/p>\n","protected":false},"excerpt":{"rendered":"<p>WIEGE DES GUTEN GESCHMACKS &#8211; Project Space &amp; Gallery Eylauerstra\u00dfe 24 in Berlin &#8211; Kreuzberg, Germany Appointment by agreement. t: +49 30 78095010 Digital Flyer for UDO SCH\u00d6BEL: WER BIN ICH (Who am I ?) -Portraits EXHIBITION FREIRAUM March 17 &#8211; April 27 at Caf\u00e9 FREIRAUM \/ BERLIN March 17 \u00a0miniBEATclub LIVE with JOHANNA MEINIKAT [&hellip;]<\/p>\n","protected":false},"author":1,"featured_media":0,"parent":2631,"menu_order":4,"comment_status":"closed","ping_status":"closed","template":"page-fullwidth.php","meta":[],"yoast_head":"<!-- This site is optimized with the Yoast SEO plugin v20.8 - https:\/\/yoast.com\/wordpress\/plugins\/seo\/ -->\n<title>Wiege des guten Geschmacks | udoschoebel<\/title>\n<meta name=\"robots\" content=\"index, follow, max-snippet:-1, max-image-preview:large, max-video-preview:-1\" \/>\n<link rel=\"canonical\" href=\"https:\/\/udoschoebel.de\/en\/home\/wiege-des-guten-geschmacks\/\" \/>\n<meta property=\"og:locale\" content=\"en_US\" \/>\n<meta property=\"og:type\" content=\"article\" \/>\n<meta property=\"og:title\" content=\"Wiege des guten Geschmacks | udoschoebel\" \/>\n<meta property=\"og:description\" content=\"WIEGE DES GUTEN GESCHMACKS &#8211; Project Space &amp; Gallery Eylauerstra\u00dfe 24 in Berlin &#8211; Kreuzberg, Germany Appointment by agreement. t: +49 30 78095010 Digital Flyer for UDO SCH\u00d6BEL: WER BIN ICH (Who am I ?) -Portraits EXHIBITION FREIRAUM March 17 &#8211; April 27 at Caf\u00e9 FREIRAUM \/ BERLIN March 17 \u00a0miniBEATclub LIVE with JOHANNA MEINIKAT [&hellip;]\" \/>\n<meta property=\"og:url\" content=\"https:\/\/udoschoebel.de\/en\/home\/wiege-des-guten-geschmacks\/\" \/>\n<meta property=\"og:site_name\" content=\"udoschoebel\" \/>\n<meta property=\"article:modified_time\" content=\"2025-08-05T20:55:17+00:00\" \/>\n<meta property=\"og:image\" content=\"https:\/\/udoschoebel.de\/wp-content\/uploads\/img_die_wiege_des_guten_geschmacks.jpg\" \/>\n<meta name=\"twitter:label1\" content=\"Est. reading time\" \/>\n\t<meta name=\"twitter:data1\" content=\"3 minutes\" \/>\n<script type=\"application\/ld+json\" class=\"yoast-schema-graph\">{\"@context\":\"https:\/\/schema.org\",\"@graph\":[{\"@type\":\"WebPage\",\"@id\":\"https:\/\/udoschoebel.de\/en\/home\/wiege-des-guten-geschmacks\/\",\"url\":\"https:\/\/udoschoebel.de\/en\/home\/wiege-des-guten-geschmacks\/\",\"name\":\"Wiege des guten Geschmacks | udoschoebel\",\"isPartOf\":{\"@id\":\"https:\/\/udoschoebel.de\/en\/#website\"},\"datePublished\":\"2015-01-24T15:14:52+00:00\",\"dateModified\":\"2025-08-05T20:55:17+00:00\",\"breadcrumb\":{\"@id\":\"https:\/\/udoschoebel.de\/en\/home\/wiege-des-guten-geschmacks\/#breadcrumb\"},\"inLanguage\":\"en-US\",\"potentialAction\":[{\"@type\":\"ReadAction\",\"target\":[\"https:\/\/udoschoebel.de\/en\/home\/wiege-des-guten-geschmacks\/\"]}]},{\"@type\":\"BreadcrumbList\",\"@id\":\"https:\/\/udoschoebel.de\/en\/home\/wiege-des-guten-geschmacks\/#breadcrumb\",\"itemListElement\":[{\"@type\":\"ListItem\",\"position\":1,\"name\":\"Home\",\"item\":\"https:\/\/udoschoebel.de\/en\/\"},{\"@type\":\"ListItem\",\"position\":2,\"name\":\"home\",\"item\":\"https:\/\/udoschoebel.de\/en\/\"},{\"@type\":\"ListItem\",\"position\":3,\"name\":\"Wiege des guten Geschmacks\"}]},{\"@type\":\"WebSite\",\"@id\":\"https:\/\/udoschoebel.de\/en\/#website\",\"url\":\"https:\/\/udoschoebel.de\/en\/\",\"name\":\"udoschoebel\",\"description\":\"Musiker, Singer, Songwriter, Produzent und Cartoonartist\",\"potentialAction\":[{\"@type\":\"SearchAction\",\"target\":{\"@type\":\"EntryPoint\",\"urlTemplate\":\"https:\/\/udoschoebel.de\/en\/?s={search_term_string}\"},\"query-input\":\"required name=search_term_string\"}],\"inLanguage\":\"en-US\"}]}<\/script>\n<!-- \/ Yoast SEO plugin. -->","yoast_head_json":{"title":"Wiege des guten Geschmacks | udoschoebel","robots":{"index":"index","follow":"follow","max-snippet":"max-snippet:-1","max-image-preview":"max-image-preview:large","max-video-preview":"max-video-preview:-1"},"canonical":"https:\/\/udoschoebel.de\/en\/home\/wiege-des-guten-geschmacks\/","og_locale":"en_US","og_type":"article","og_title":"Wiege des guten Geschmacks | udoschoebel","og_description":"WIEGE DES GUTEN GESCHMACKS &#8211; Project Space &amp; Gallery Eylauerstra\u00dfe 24 in Berlin &#8211; Kreuzberg, Germany Appointment by agreement. t: +49 30 78095010 Digital Flyer for UDO SCH\u00d6BEL: WER BIN ICH (Who am I ?) -Portraits EXHIBITION FREIRAUM March 17 &#8211; April 27 at Caf\u00e9 FREIRAUM \/ BERLIN March 17 \u00a0miniBEATclub LIVE with JOHANNA MEINIKAT [&hellip;]","og_url":"https:\/\/udoschoebel.de\/en\/home\/wiege-des-guten-geschmacks\/","og_site_name":"udoschoebel","article_modified_time":"2025-08-05T20:55:17+00:00","og_image":[{"url":"https:\/\/udoschoebel.de\/wp-content\/uploads\/img_die_wiege_des_guten_geschmacks.jpg"}],"twitter_misc":{"Est. reading time":"3 minutes"},"schema":{"@context":"https:\/\/schema.org","@graph":[{"@type":"WebPage","@id":"https:\/\/udoschoebel.de\/en\/home\/wiege-des-guten-geschmacks\/","url":"https:\/\/udoschoebel.de\/en\/home\/wiege-des-guten-geschmacks\/","name":"Wiege des guten Geschmacks | udoschoebel","isPartOf":{"@id":"https:\/\/udoschoebel.de\/en\/#website"},"datePublished":"2015-01-24T15:14:52+00:00","dateModified":"2025-08-05T20:55:17+00:00","breadcrumb":{"@id":"https:\/\/udoschoebel.de\/en\/home\/wiege-des-guten-geschmacks\/#breadcrumb"},"inLanguage":"en-US","potentialAction":[{"@type":"ReadAction","target":["https:\/\/udoschoebel.de\/en\/home\/wiege-des-guten-geschmacks\/"]}]},{"@type":"BreadcrumbList","@id":"https:\/\/udoschoebel.de\/en\/home\/wiege-des-guten-geschmacks\/#breadcrumb","itemListElement":[{"@type":"ListItem","position":1,"name":"Home","item":"https:\/\/udoschoebel.de\/en\/"},{"@type":"ListItem","position":2,"name":"home","item":"https:\/\/udoschoebel.de\/en\/"},{"@type":"ListItem","position":3,"name":"Wiege des guten Geschmacks"}]},{"@type":"WebSite","@id":"https:\/\/udoschoebel.de\/en\/#website","url":"https:\/\/udoschoebel.de\/en\/","name":"udoschoebel","description":"Musiker, Singer, Songwriter, Produzent und Cartoonartist","potentialAction":[{"@type":"SearchAction","target":{"@type":"EntryPoint","urlTemplate":"https:\/\/udoschoebel.de\/en\/?s={search_term_string}"},"query-input":"required name=search_term_string"}],"inLanguage":"en-US"}]}},"_links":{"self":[{"href":"https:\/\/udoschoebel.de\/en\/wp-json\/wp\/v2\/pages\/2589"}],"collection":[{"href":"https:\/\/udoschoebel.de\/en\/wp-json\/wp\/v2\/pages"}],"about":[{"href":"https:\/\/udoschoebel.de\/en\/wp-json\/wp\/v2\/types\/page"}],"author":[{"embeddable":true,"href":"https:\/\/udoschoebel.de\/en\/wp-json\/wp\/v2\/users\/1"}],"replies":[{"embeddable":true,"href":"https:\/\/udoschoebel.de\/en\/wp-json\/wp\/v2\/comments?post=2589"}],"version-history":[{"count":2,"href":"https:\/\/udoschoebel.de\/en\/wp-json\/wp\/v2\/pages\/2589\/revisions"}],"predecessor-version":[{"id":3242,"href":"https:\/\/udoschoebel.de\/en\/wp-json\/wp\/v2\/pages\/2589\/revisions\/3242"}],"up":[{"embeddable":true,"href":"https:\/\/udoschoebel.de\/en\/wp-json\/wp\/v2\/pages\/2631"}],"wp:attachment":[{"href":"https:\/\/udoschoebel.de\/en\/wp-json\/wp\/v2\/media?parent=2589"}],"curies":[{"name":"wp","href":"https:\/\/api.w.org\/{rel}","templated":true}]}}