{"id":2582,"date":"2015-01-24T16:13:45","date_gmt":"2015-01-24T15:13:45","guid":{"rendered":"https:\/\/udoschoebel.de\/minibeatclub\/"},"modified":"2025-04-16T19:30:55","modified_gmt":"2025-04-16T18:30:55","slug":"minibeatclub","status":"publish","type":"page","link":"https:\/\/udoschoebel.de\/en\/home\/minibeatclub\/","title":{"rendered":"minibeatclub"},"content":{"rendered":"<p style=\"text-align: center;\"><img decoding=\"async\" loading=\"lazy\" class=\"wp-image-46 size-full alignleft\" src=\"https:\/\/udoschoebel.de\/wp-content\/uploads\/img_mini-beat-club.jpg\" alt=\"img_mini-beat-club\" width=\"126\" height=\"131\" \/><\/p>\n<p><img decoding=\"async\" loading=\"lazy\" class=\"wp-image-3066 size-large aligncenter\" src=\"https:\/\/udoschoebel.de\/wp-content\/uploads\/\/miniBEATclubaktuell-1024x892.jpg\" alt=\"\" width=\"648\" height=\"564\" srcset=\"https:\/\/udoschoebel.de\/wp-content\/uploads\/miniBEATclubaktuell-1024x892.jpg 1024w, https:\/\/udoschoebel.de\/wp-content\/uploads\/miniBEATclubaktuell-300x261.jpg 300w, https:\/\/udoschoebel.de\/wp-content\/uploads\/miniBEATclubaktuell-768x669.jpg 768w, https:\/\/udoschoebel.de\/wp-content\/uploads\/miniBEATclubaktuell.jpg 1431w\" sizes=\"(max-width: 648px) 100vw, 648px\" \/><\/p>\n<p style=\"text-align: center;\">miniBEATclub from left to right:<strong>\u00a0<a href=\"http:\/\/www.pete-the-beat.de\" target=\"_blank\" rel=\"noopener noreferrer\">Peter Wehrmann<\/a>, <\/strong><strong>Udo Sch\u00f6bel und \u00a0<a href=\"https:\/\/www.instagram.com\/schoebel_music\/\" target=\"_blank\" rel=\"noopener\">Johannes Sch\u00f6bel<\/a><\/strong><\/p>\n<h1 style=\"text-align: center;\"><a href=\"http:\/\/www.minibeatclub.de\" target=\"_blank\" rel=\"noopener noreferrer\"><span style=\"color: #ff0000;\"><strong>www.minibeatclub.de<\/strong><\/span><\/a><\/h1>\n<p style=\"text-align: center;\">MiniBEAT is a music style between electro-chanson und casio-punk \u00a0 \u00a0 \u00a0 \u00a0 \u00a0 \u00a0 \u00a0 \u00a0 \u00a0 \u00a0 \u00a0 \u00a0 \u00a0 \u00a0 \u00a0 \u00a0 \u00a0 \u00a0 \u00a0 \u00a0 \u00a0 \u00a0 \u00a0 \u00a0 \u00a0 \u00a0 \u00a0 \u00a0 \u00a0 <strong>2002-2007 \u00a0<\/strong>miniBEATclub with Lea B\u00fcser, Markus Vetter und Udo Sch\u00f6bel \u00a0 \u00a0 \u00a0 \u00a0 \u00a0 \u00a0 \u00a0 \u00a0 \u00a0 \u00a0 \u00a0 \u00a0 \u00a0 \u00a0 \u00a0 \u00a0 \u00a0 \u00a0 \u00a0 \u00a0 \u00a0 \u00a0 \u00a0 \u00a0 \u00a0 TV-Showband of the KURT KR\u00d6MER SHOW und \u00a0and once a month LIVE in a Berlin club<\/p>\n<h1 style=\"text-align: center;\">\u00a0 \u00a0\u00a0 \u00a0\u00a0 \u00a0\u00a0 \u00a0\u00a0 \u00a0\u00a0 <a href=\"http:\/\/www.minibeatclub.de\" target=\"_blank\" rel=\"noopener noreferrer\"><strong><iframe loading=\"lazy\" title=\"YouTube video player\" src=\"https:\/\/www.youtube.com\/embed\/Hm5Fckrj1Mk\" width=\"560\" height=\"315\" frameborder=\"0\" allowfullscreen=\"allowfullscreen\" data-mce-fragment=\"1\"><\/iframe><\/strong><\/a><\/h1>\n<p style=\"text-align: center;\"><strong>\u00a0 \u00a0 \u00a0 2006<\/strong> The miniBEATclub-Album <strong>EINFACH GUT \u00a0<\/strong>produced by MOSES SCHNEIDER<\/p>\n<p><img decoding=\"async\" loading=\"lazy\" class=\"wp-image-2279 size-large aligncenter\" src=\"http:\/\/udoschoebel.de\/wp-content\/uploads\/miniBEATclub-SPOTIFY-3000x3000-1-1024x1024.jpg\" alt=\"\" width=\"648\" height=\"648\" srcset=\"https:\/\/udoschoebel.de\/wp-content\/uploads\/miniBEATclub-SPOTIFY-3000x3000-1-1024x1024.jpg 1024w, https:\/\/udoschoebel.de\/wp-content\/uploads\/miniBEATclub-SPOTIFY-3000x3000-1-300x300.jpg 300w, https:\/\/udoschoebel.de\/wp-content\/uploads\/miniBEATclub-SPOTIFY-3000x3000-1-150x150.jpg 150w, https:\/\/udoschoebel.de\/wp-content\/uploads\/miniBEATclub-SPOTIFY-3000x3000-1-768x768.jpg 768w, https:\/\/udoschoebel.de\/wp-content\/uploads\/miniBEATclub-SPOTIFY-3000x3000-1-1536x1536.jpg 1536w, https:\/\/udoschoebel.de\/wp-content\/uploads\/miniBEATclub-SPOTIFY-3000x3000-1-2048x2048.jpg 2048w, https:\/\/udoschoebel.de\/wp-content\/uploads\/miniBEATclub-SPOTIFY-3000x3000-1-60x60.jpg 60w\" sizes=\"(max-width: 648px) 100vw, 648px\" \/><\/p>\n<p style=\"text-align: center;\">From <strong>2012 <\/strong>on the radioeins Radioshow: miniBEATclub with Peter Wehrmann &#8211; Human Beatbox \u00a0 \u00a0 \u00a0 \u00a0 \u00a0 \u00a0 \u00a0 \u00a0Udo Sch\u00f6bel &#8211; vocals &amp; guitar supported by P.R.Kantate, Ulrike Kapfer and Magnus v. Keil<\/p>\n<p style=\"text-align: center;\"><span style=\"color: #ff0000;\"><strong>ZWEIMAL JA<\/strong> <\/span>und <strong><span style=\"color: #ff0000;\">TOTE LIEBE<\/span><\/strong><\/p>\n<p style=\"text-align: center;\"><strong>radio eins RADIOSHOW <\/strong>at the<strong> HAUS DES RUNDFUNKS <\/strong>in Berlin<\/p>\n<p style=\"text-align: center;\">\u00a0 \u00a0<iframe loading=\"lazy\" src=\"https:\/\/www.youtube-nocookie.com\/embed\/CstNOUYUAhU?rel=0&amp;showinfo=0\" width=\"800\" height=\"450\" frameborder=\"0\" allowfullscreen=\"allowfullscreen\" data-mce-fragment=\"1\"><\/iframe><\/p>\n<p style=\"padding-left: 40px; text-align: center;\"><strong>8.6.2018 <\/strong>the last performance with <strong>LEA B\u00dcSER <\/strong>at<strong> CAPE COLLINS <\/strong>with <strong>MICHAEL DEAK <\/strong>on bass<\/p>\n<p style=\"padding-left: 40px; text-align: center;\"><span style=\"color: #ff0000;\"><strong><img decoding=\"async\" loading=\"lazy\" class=\"alignnone wp-image-3073 size-full\" src=\"https:\/\/udoschoebel.de\/wp-content\/uploads\/miniBEATclubaCAPEcollins.jpg\" alt=\"\" width=\"1431\" height=\"1246\" srcset=\"https:\/\/udoschoebel.de\/wp-content\/uploads\/miniBEATclubaCAPEcollins.jpg 1431w, https:\/\/udoschoebel.de\/wp-content\/uploads\/miniBEATclubaCAPEcollins-300x261.jpg 300w, https:\/\/udoschoebel.de\/wp-content\/uploads\/miniBEATclubaCAPEcollins-1024x892.jpg 1024w, https:\/\/udoschoebel.de\/wp-content\/uploads\/miniBEATclubaCAPEcollins-768x669.jpg 768w\" sizes=\"(max-width: 1431px) 100vw, 1431px\" \/>\u00a0<\/strong><\/span><\/p>\n","protected":false},"excerpt":{"rendered":"<p>miniBEATclub from left to right:\u00a0Peter Wehrmann, Udo Sch\u00f6bel und \u00a0Johannes Sch\u00f6bel www.minibeatclub.de MiniBEAT is a music style between electro-chanson und casio-punk \u00a0 \u00a0 \u00a0 \u00a0 \u00a0 \u00a0 \u00a0 \u00a0 \u00a0 \u00a0 \u00a0 \u00a0 \u00a0 \u00a0 \u00a0 \u00a0 \u00a0 \u00a0 \u00a0 \u00a0 \u00a0 \u00a0 \u00a0 \u00a0 \u00a0 \u00a0 \u00a0 \u00a0 \u00a0 2002-2007 \u00a0miniBEATclub with Lea B\u00fcser, [&hellip;]<\/p>\n","protected":false},"author":1,"featured_media":0,"parent":2631,"menu_order":1,"comment_status":"closed","ping_status":"closed","template":"page-fullwidth.php","meta":[],"yoast_head":"<!-- This site is optimized with the Yoast SEO plugin v20.8 - https:\/\/yoast.com\/wordpress\/plugins\/seo\/ -->\n<title>minibeatclub - the show band of the radio eins RADIO SHOW.<\/title>\n<meta name=\"description\" content=\"minibeatclub: Peter Wehrmann, Lea B\u00fcser, Udo Sch\u00f6bel. Was the show band of the Kurt Kr\u00f6mer Show and is currently the show band of the radio eins RADIO SHOW.\" \/>\n<meta name=\"robots\" content=\"index, follow, max-snippet:-1, max-image-preview:large, max-video-preview:-1\" \/>\n<link rel=\"canonical\" href=\"https:\/\/udoschoebel.de\/en\/home\/minibeatclub\/\" \/>\n<meta property=\"og:locale\" content=\"en_US\" \/>\n<meta property=\"og:type\" content=\"article\" \/>\n<meta property=\"og:title\" content=\"minibeatclub - the show band of the radio eins RADIO SHOW.\" \/>\n<meta property=\"og:description\" content=\"minibeatclub: Peter Wehrmann, Lea B\u00fcser, Udo Sch\u00f6bel. Was the show band of the Kurt Kr\u00f6mer Show and is currently the show band of the radio eins RADIO SHOW.\" \/>\n<meta property=\"og:url\" content=\"https:\/\/udoschoebel.de\/en\/home\/minibeatclub\/\" \/>\n<meta property=\"og:site_name\" content=\"udoschoebel\" \/>\n<meta property=\"article:modified_time\" content=\"2025-04-16T18:30:55+00:00\" \/>\n<meta property=\"og:image\" content=\"https:\/\/udoschoebel.de\/wp-content\/uploads\/img_mini-beat-club.jpg\" \/>\n<meta name=\"twitter:label1\" content=\"Est. reading time\" \/>\n\t<meta name=\"twitter:data1\" content=\"2 minutes\" \/>\n<script type=\"application\/ld+json\" class=\"yoast-schema-graph\">{\"@context\":\"https:\/\/schema.org\",\"@graph\":[{\"@type\":\"WebPage\",\"@id\":\"https:\/\/udoschoebel.de\/en\/home\/minibeatclub\/\",\"url\":\"https:\/\/udoschoebel.de\/en\/home\/minibeatclub\/\",\"name\":\"minibeatclub - the show band of the radio eins RADIO SHOW.\",\"isPartOf\":{\"@id\":\"https:\/\/udoschoebel.de\/en\/#website\"},\"datePublished\":\"2015-01-24T15:13:45+00:00\",\"dateModified\":\"2025-04-16T18:30:55+00:00\",\"description\":\"minibeatclub: Peter Wehrmann, Lea B\u00fcser, Udo Sch\u00f6bel. Was the show band of the Kurt Kr\u00f6mer Show and is currently the show band of the radio eins RADIO SHOW.\",\"breadcrumb\":{\"@id\":\"https:\/\/udoschoebel.de\/en\/home\/minibeatclub\/#breadcrumb\"},\"inLanguage\":\"en-US\",\"potentialAction\":[{\"@type\":\"ReadAction\",\"target\":[\"https:\/\/udoschoebel.de\/en\/home\/minibeatclub\/\"]}]},{\"@type\":\"BreadcrumbList\",\"@id\":\"https:\/\/udoschoebel.de\/en\/home\/minibeatclub\/#breadcrumb\",\"itemListElement\":[{\"@type\":\"ListItem\",\"position\":1,\"name\":\"Home\",\"item\":\"https:\/\/udoschoebel.de\/en\/\"},{\"@type\":\"ListItem\",\"position\":2,\"name\":\"home\",\"item\":\"https:\/\/udoschoebel.de\/en\/\"},{\"@type\":\"ListItem\",\"position\":3,\"name\":\"minibeatclub\"}]},{\"@type\":\"WebSite\",\"@id\":\"https:\/\/udoschoebel.de\/en\/#website\",\"url\":\"https:\/\/udoschoebel.de\/en\/\",\"name\":\"udoschoebel\",\"description\":\"Musiker, Singer, Songwriter, Produzent und Cartoonartist\",\"potentialAction\":[{\"@type\":\"SearchAction\",\"target\":{\"@type\":\"EntryPoint\",\"urlTemplate\":\"https:\/\/udoschoebel.de\/en\/?s={search_term_string}\"},\"query-input\":\"required name=search_term_string\"}],\"inLanguage\":\"en-US\"}]}<\/script>\n<!-- \/ Yoast SEO plugin. -->","yoast_head_json":{"title":"minibeatclub - the show band of the radio eins RADIO SHOW.","description":"minibeatclub: Peter Wehrmann, Lea B\u00fcser, Udo Sch\u00f6bel. Was the show band of the Kurt Kr\u00f6mer Show and is currently the show band of the radio eins RADIO SHOW.","robots":{"index":"index","follow":"follow","max-snippet":"max-snippet:-1","max-image-preview":"max-image-preview:large","max-video-preview":"max-video-preview:-1"},"canonical":"https:\/\/udoschoebel.de\/en\/home\/minibeatclub\/","og_locale":"en_US","og_type":"article","og_title":"minibeatclub - the show band of the radio eins RADIO SHOW.","og_description":"minibeatclub: Peter Wehrmann, Lea B\u00fcser, Udo Sch\u00f6bel. Was the show band of the Kurt Kr\u00f6mer Show and is currently the show band of the radio eins RADIO SHOW.","og_url":"https:\/\/udoschoebel.de\/en\/home\/minibeatclub\/","og_site_name":"udoschoebel","article_modified_time":"2025-04-16T18:30:55+00:00","og_image":[{"url":"https:\/\/udoschoebel.de\/wp-content\/uploads\/img_mini-beat-club.jpg"}],"twitter_misc":{"Est. reading time":"2 minutes"},"schema":{"@context":"https:\/\/schema.org","@graph":[{"@type":"WebPage","@id":"https:\/\/udoschoebel.de\/en\/home\/minibeatclub\/","url":"https:\/\/udoschoebel.de\/en\/home\/minibeatclub\/","name":"minibeatclub - the show band of the radio eins RADIO SHOW.","isPartOf":{"@id":"https:\/\/udoschoebel.de\/en\/#website"},"datePublished":"2015-01-24T15:13:45+00:00","dateModified":"2025-04-16T18:30:55+00:00","description":"minibeatclub: Peter Wehrmann, Lea B\u00fcser, Udo Sch\u00f6bel. Was the show band of the Kurt Kr\u00f6mer Show and is currently the show band of the radio eins RADIO SHOW.","breadcrumb":{"@id":"https:\/\/udoschoebel.de\/en\/home\/minibeatclub\/#breadcrumb"},"inLanguage":"en-US","potentialAction":[{"@type":"ReadAction","target":["https:\/\/udoschoebel.de\/en\/home\/minibeatclub\/"]}]},{"@type":"BreadcrumbList","@id":"https:\/\/udoschoebel.de\/en\/home\/minibeatclub\/#breadcrumb","itemListElement":[{"@type":"ListItem","position":1,"name":"Home","item":"https:\/\/udoschoebel.de\/en\/"},{"@type":"ListItem","position":2,"name":"home","item":"https:\/\/udoschoebel.de\/en\/"},{"@type":"ListItem","position":3,"name":"minibeatclub"}]},{"@type":"WebSite","@id":"https:\/\/udoschoebel.de\/en\/#website","url":"https:\/\/udoschoebel.de\/en\/","name":"udoschoebel","description":"Musiker, Singer, Songwriter, Produzent und Cartoonartist","potentialAction":[{"@type":"SearchAction","target":{"@type":"EntryPoint","urlTemplate":"https:\/\/udoschoebel.de\/en\/?s={search_term_string}"},"query-input":"required name=search_term_string"}],"inLanguage":"en-US"}]}},"_links":{"self":[{"href":"https:\/\/udoschoebel.de\/en\/wp-json\/wp\/v2\/pages\/2582"}],"collection":[{"href":"https:\/\/udoschoebel.de\/en\/wp-json\/wp\/v2\/pages"}],"about":[{"href":"https:\/\/udoschoebel.de\/en\/wp-json\/wp\/v2\/types\/page"}],"author":[{"embeddable":true,"href":"https:\/\/udoschoebel.de\/en\/wp-json\/wp\/v2\/users\/1"}],"replies":[{"embeddable":true,"href":"https:\/\/udoschoebel.de\/en\/wp-json\/wp\/v2\/comments?post=2582"}],"version-history":[{"count":19,"href":"https:\/\/udoschoebel.de\/en\/wp-json\/wp\/v2\/pages\/2582\/revisions"}],"predecessor-version":[{"id":3124,"href":"https:\/\/udoschoebel.de\/en\/wp-json\/wp\/v2\/pages\/2582\/revisions\/3124"}],"up":[{"embeddable":true,"href":"https:\/\/udoschoebel.de\/en\/wp-json\/wp\/v2\/pages\/2631"}],"wp:attachment":[{"href":"https:\/\/udoschoebel.de\/en\/wp-json\/wp\/v2\/media?parent=2582"}],"curies":[{"name":"wp","href":"https:\/\/api.w.org\/{rel}","templated":true}]}}